{"id":972,"date":"2020-01-01T16:44:18","date_gmt":"2020-01-01T15:44:18","guid":{"rendered":"http:\/\/j-damville-j.fr\/?post_type=portfolio&#038;p=972"},"modified":"2021-06-02T11:35:26","modified_gmt":"2021-06-02T09:35:26","slug":"actualite-expo-malebranche","status":"publish","type":"portfolio","link":"https:\/\/j-damville-j.fr\/?portfolio=actualite-expo-malebranche","title":{"rendered":""},"content":{"rendered":"<style>.wp-block-kadence-advancedheading.kt-adv-heading_138ff1-17, .wp-block-kadence-advancedheading.kt-adv-heading_138ff1-17[data-kb-block=\"kb-adv-heading_138ff1-17\"]{text-align:center;font-style:normal;}.wp-block-kadence-advancedheading.kt-adv-heading_138ff1-17 mark.kt-highlight, .wp-block-kadence-advancedheading.kt-adv-heading_138ff1-17[data-kb-block=\"kb-adv-heading_138ff1-17\"] mark.kt-highlight{font-style:normal;color:#f76a0c;-webkit-box-decoration-break:clone;box-decoration-break:clone;padding-top:0px;padding-right:0px;padding-bottom:0px;padding-left:0px;}.wp-block-kadence-advancedheading.kt-adv-heading_138ff1-17 img.kb-inline-image, .wp-block-kadence-advancedheading.kt-adv-heading_138ff1-17[data-kb-block=\"kb-adv-heading_138ff1-17\"] img.kb-inline-image{width:150px;vertical-align:baseline;}<\/style>\n<h1 class=\"kt-adv-heading_138ff1-17 wp-block-kadence-advancedheading\" data-kb-block=\"kb-adv-heading_138ff1-17\">Exposition \u00e0 la Galerie Malebranche de Paris<\/h1>\n\n\n<style>.wp-block-kadence-advancedheading.kt-adv-heading_b0ca2b-1a, .wp-block-kadence-advancedheading.kt-adv-heading_b0ca2b-1a[data-kb-block=\"kb-adv-heading_b0ca2b-1a\"]{text-align:center;font-style:normal;}.wp-block-kadence-advancedheading.kt-adv-heading_b0ca2b-1a mark.kt-highlight, .wp-block-kadence-advancedheading.kt-adv-heading_b0ca2b-1a[data-kb-block=\"kb-adv-heading_b0ca2b-1a\"] mark.kt-highlight{font-style:normal;color:#f76a0c;-webkit-box-decoration-break:clone;box-decoration-break:clone;padding-top:0px;padding-right:0px;padding-bottom:0px;padding-left:0px;}.wp-block-kadence-advancedheading.kt-adv-heading_b0ca2b-1a img.kb-inline-image, .wp-block-kadence-advancedheading.kt-adv-heading_b0ca2b-1a[data-kb-block=\"kb-adv-heading_b0ca2b-1a\"] img.kb-inline-image{width:150px;vertical-align:baseline;}<\/style>\n<h2 class=\"kt-adv-heading_b0ca2b-1a wp-block-kadence-advancedheading\" data-kb-block=\"kb-adv-heading_b0ca2b-1a\">07 &#8211; 30 novembre 2019<\/h2>\n\n\n\n<div style=\"height:70px\" aria-hidden=\"true\" class=\"wp-block-spacer\"><\/div>\n\n\n<div  id=\"jtg-976\" class=\"modula modula-gallery modula-custom-grid\" data-config=\"{&quot;height&quot;:0,&quot;tabletHeight&quot;:0,&quot;mobileHeight&quot;:0,&quot;desktopHeight&quot;:0,&quot;enableTwitter&quot;:false,&quot;enableWhatsapp&quot;:false,&quot;enableFacebook&quot;:false,&quot;enablePinterest&quot;:false,&quot;enableLinkedin&quot;:false,&quot;enableEmail&quot;:false,&quot;randomFactor&quot;:0,&quot;type&quot;:&quot;custom-grid&quot;,&quot;columns&quot;:12,&quot;gutter&quot;:10,&quot;mobileGutter&quot;:10,&quot;tabletGutter&quot;:10,&quot;desktopGutter&quot;:10,&quot;enableResponsive&quot;:&quot;0&quot;,&quot;tabletColumns&quot;:&quot;2&quot;,&quot;mobileColumns&quot;:&quot;1&quot;,&quot;lazyLoad&quot;:0,&quot;lightboxOpts&quot;:{&quot;animated&quot;:true,&quot;Thumbs&quot;:{&quot;type&quot;:&quot;modern&quot;,&quot;showOnStart&quot;:false},&quot;Toolbar&quot;:{&quot;display&quot;:{&quot;right&quot;:[&quot;close&quot;]},&quot;enabled&quot;:true},&quot;Carousel&quot;:{&quot;Panzoom&quot;:{&quot;touch&quot;:true},&quot;infinite&quot;:false},&quot;keyboard&quot;:{&quot;Escape&quot;:&quot;close&quot;,&quot;Delete&quot;:&quot;close&quot;,&quot;Backspace&quot;:&quot;close&quot;,&quot;PageUp&quot;:false,&quot;PageDown&quot;:false,&quot;ArrowUp&quot;:false,&quot;ArrowDown&quot;:false,&quot;ArrowRight&quot;:false,&quot;ArrowLeft&quot;:false},&quot;touch&quot;:false,&quot;backdropClick&quot;:false,&quot;l10n&quot;:{&quot;CLOSE&quot;:&quot;Close&quot;,&quot;NEXT&quot;:&quot;Next&quot;,&quot;PREV&quot;:&quot;Previous&quot;,&quot;Error&quot;:&quot;The requested content cannot be loaded. Please try again later.&quot;,&quot;PLAY_START&quot;:&quot;Start slideshow&quot;,&quot;PLAY_STOP&quot;:&quot;Pause slideshow&quot;,&quot;FULL_SCREEN&quot;:&quot;Full screen&quot;,&quot;THUMBS&quot;:&quot;Thumbnails&quot;,&quot;DOWNLOAD&quot;:&quot;Download&quot;,&quot;SHARE&quot;:&quot;Share&quot;,&quot;ZOOM&quot;:&quot;Zoom&quot;,&quot;EMAIL&quot;:&quot;Here is the link to the image : %%image_link%% and this is the link to the gallery : %%gallery_link%%&quot;,&quot;MODAL&quot;:&quot;You can close this modal content with the ESC key&quot;,&quot;ERROR&quot;:&quot;Something Went Wrong, Please Try Again Later&quot;,&quot;IMAGE_ERROR&quot;:&quot;Image Not Found&quot;,&quot;ELEMENT_NOT_FOUND&quot;:&quot;HTML Element Not Found&quot;,&quot;AJAX_NOT_FOUND&quot;:&quot;Error Loading AJAX : Not Found&quot;,&quot;AJAX_FORBIDDEN&quot;:&quot;Error Loading AJAX : Forbidden&quot;,&quot;IFRAME_ERROR&quot;:&quot;Error Loading Page&quot;,&quot;TOGGLE_ZOOM&quot;:&quot;Toggle zoom level&quot;,&quot;TOGGLE_THUMBS&quot;:&quot;Toggle thumbnails&quot;,&quot;TOGGLE_SLIDESHOW&quot;:&quot;Toggle slideshow&quot;,&quot;TOGGLE_FULLSCREEN&quot;:&quot;Toggle full-screen mode&quot;},&quot;Images&quot;:{&quot;Panzoom&quot;:{&quot;maxScale&quot;:2}},&quot;mainClass&quot;:&quot;modula-fancybox-container modula-lightbox-jtg-976&quot;,&quot;Html&quot;:{&quot;videoAutoplay&quot;:0,&quot;videoTpl&quot;:&quot;&lt;video class=\\&quot;fancybox__html5video\\&quot; controls muted playsinline controlsList controlsList=\\&quot;nodownload\\&quot; poster=\\&quot;{{poster}}\\&quot; src=\\&quot;{{src}}\\&quot; type=\\&quot;{{format}}\\&quot; &gt;  Sorry, your browser doesn&#039;t support embedded videos, &lt;a href=\\&quot;{{src}}\\&quot;&gt; download &lt;\\\/a&gt; and watch with your favorite video player! &lt;\\\/video&gt;&quot;}},&quot;inView&quot;:false,&quot;email_subject&quot;:&quot;Check out this awesome image !!&quot;,&quot;email_message&quot;:&quot;Here is the link to the image : %%image_link%% and this is the link to the gallery : %%gallery_link%%&quot;,&quot;lightbox&quot;:&quot;fancybox&quot;}\">\n\n\t\n\t<div  class=\"modula-items\">\n\t\t<div class=\"modula-item\" data-width=\"12\" data-height=\"7\" >\n\t<div class=\"modula-item-content\">\n\t\t\n\t\t\t\t\t<a data-image-id=\"984\" role=\"button\" data-elementor-open-lightbox=\"no\" tabindex=\"0\" rel=\"jtg-976\" data-caption=\"\" aria-label=\"Open image in lightbox\" class=\"tile-inner modula-item-link\"><\/a>\n\t\t\n\t\t<img fetchpriority=\"high\" decoding=\"async\" class=\"pic wp-image-984\"  data-valign=\"middle\" data-halign=\"center\" alt=\"\" data-full=\"https:\/\/j-damville-j.fr\/wp-content\/uploads\/2020\/01\/ACTUALITE-EXPO-MALEBRANCHE-04.jpg\" title=\"ACTUALITE EXPO MALEBRANCHE 04\" crop=\"\" width=\"1200\" height=\"800\" src=\"https:\/\/j-damville-j.fr\/wp-content\/uploads\/2020\/01\/ACTUALITE-EXPO-MALEBRANCHE-04.jpg\" data-src=\"https:\/\/j-damville-j.fr\/wp-content\/uploads\/2020\/01\/ACTUALITE-EXPO-MALEBRANCHE-04.jpg\" data-caption=\"\" srcset=\"https:\/\/j-damville-j.fr\/wp-content\/uploads\/2020\/01\/ACTUALITE-EXPO-MALEBRANCHE-04.jpg 1200w, https:\/\/j-damville-j.fr\/wp-content\/uploads\/2020\/01\/ACTUALITE-EXPO-MALEBRANCHE-04-300x200.jpg 300w, https:\/\/j-damville-j.fr\/wp-content\/uploads\/2020\/01\/ACTUALITE-EXPO-MALEBRANCHE-04-1024x683.jpg 1024w, https:\/\/j-damville-j.fr\/wp-content\/uploads\/2020\/01\/ACTUALITE-EXPO-MALEBRANCHE-04-768x512.jpg 768w\" sizes=\"(max-width: 1200px) 100vw, 1200px\" \/>\n\t<\/div>\n\n<\/div><div class=\"modula-item\" data-width=\"6\" data-height=\"4\" >\n\t<div class=\"modula-item-content\">\n\t\t\n\t\t\t\t\t<a data-image-id=\"978\" role=\"button\" data-elementor-open-lightbox=\"no\" tabindex=\"0\" rel=\"jtg-976\" data-caption=\"\" aria-label=\"Open image in lightbox\" class=\"tile-inner modula-item-link\"><\/a>\n\t\t\n\t\t<img decoding=\"async\" class=\"pic wp-image-978\"  data-valign=\"middle\" data-halign=\"center\" alt=\"\" data-full=\"https:\/\/j-damville-j.fr\/wp-content\/uploads\/2020\/01\/ACTUALITE-EXPO-MALEBRANCHE-07.jpg\" title=\"ACTUALITE EXPO MALEBRANCHE 07\" crop=\"\" width=\"1200\" height=\"800\" src=\"https:\/\/j-damville-j.fr\/wp-content\/uploads\/2020\/01\/ACTUALITE-EXPO-MALEBRANCHE-07.jpg\" data-src=\"https:\/\/j-damville-j.fr\/wp-content\/uploads\/2020\/01\/ACTUALITE-EXPO-MALEBRANCHE-07.jpg\" data-caption=\"\" srcset=\"https:\/\/j-damville-j.fr\/wp-content\/uploads\/2020\/01\/ACTUALITE-EXPO-MALEBRANCHE-07.jpg 1200w, https:\/\/j-damville-j.fr\/wp-content\/uploads\/2020\/01\/ACTUALITE-EXPO-MALEBRANCHE-07-300x200.jpg 300w, https:\/\/j-damville-j.fr\/wp-content\/uploads\/2020\/01\/ACTUALITE-EXPO-MALEBRANCHE-07-1024x683.jpg 1024w, https:\/\/j-damville-j.fr\/wp-content\/uploads\/2020\/01\/ACTUALITE-EXPO-MALEBRANCHE-07-768x512.jpg 768w\" sizes=\"(max-width: 1200px) 100vw, 1200px\" \/>\n\t<\/div>\n\n<\/div><div class=\"modula-item\" data-width=\"6\" data-height=\"4\" >\n\t<div class=\"modula-item-content\">\n\t\t\n\t\t\t\t\t<a data-image-id=\"982\" role=\"button\" data-elementor-open-lightbox=\"no\" tabindex=\"0\" rel=\"jtg-976\" data-caption=\"\" aria-label=\"Open image in lightbox\" class=\"tile-inner modula-item-link\"><\/a>\n\t\t\n\t\t<img decoding=\"async\" class=\"pic wp-image-982\"  data-valign=\"middle\" data-halign=\"center\" alt=\"\" data-full=\"https:\/\/j-damville-j.fr\/wp-content\/uploads\/2020\/01\/ACTUALITE-EXPO-MALEBRANCHE-02.jpg\" title=\"ACTUALITE EXPO MALEBRANCHE 02\" crop=\"\" width=\"1200\" height=\"800\" src=\"https:\/\/j-damville-j.fr\/wp-content\/uploads\/2020\/01\/ACTUALITE-EXPO-MALEBRANCHE-02.jpg\" data-src=\"https:\/\/j-damville-j.fr\/wp-content\/uploads\/2020\/01\/ACTUALITE-EXPO-MALEBRANCHE-02.jpg\" data-caption=\"\" srcset=\"https:\/\/j-damville-j.fr\/wp-content\/uploads\/2020\/01\/ACTUALITE-EXPO-MALEBRANCHE-02.jpg 1200w, https:\/\/j-damville-j.fr\/wp-content\/uploads\/2020\/01\/ACTUALITE-EXPO-MALEBRANCHE-02-300x200.jpg 300w, https:\/\/j-damville-j.fr\/wp-content\/uploads\/2020\/01\/ACTUALITE-EXPO-MALEBRANCHE-02-1024x683.jpg 1024w, https:\/\/j-damville-j.fr\/wp-content\/uploads\/2020\/01\/ACTUALITE-EXPO-MALEBRANCHE-02-768x512.jpg 768w\" sizes=\"(max-width: 1200px) 100vw, 1200px\" \/>\n\t<\/div>\n\n<\/div><div class=\"modula-item\" data-width=\"6\" data-height=\"4\" >\n\t<div class=\"modula-item-content\">\n\t\t\n\t\t\t\t\t<a data-image-id=\"977\" role=\"button\" data-elementor-open-lightbox=\"no\" tabindex=\"0\" rel=\"jtg-976\" data-caption=\"\" aria-label=\"Open image in lightbox\" class=\"tile-inner modula-item-link\"><\/a>\n\t\t\n\t\t<img loading=\"lazy\" decoding=\"async\" class=\"pic wp-image-977\"  data-valign=\"middle\" data-halign=\"center\" alt=\"\" data-full=\"https:\/\/j-damville-j.fr\/wp-content\/uploads\/2020\/01\/ACTUALITE-EXPO-MALEBRANCHE-06.jpg\" title=\"ACTUALITE EXPO MALEBRANCHE 06\" crop=\"\" width=\"1200\" height=\"800\" src=\"https:\/\/j-damville-j.fr\/wp-content\/uploads\/2020\/01\/ACTUALITE-EXPO-MALEBRANCHE-06.jpg\" data-src=\"https:\/\/j-damville-j.fr\/wp-content\/uploads\/2020\/01\/ACTUALITE-EXPO-MALEBRANCHE-06.jpg\" data-caption=\"\" srcset=\"https:\/\/j-damville-j.fr\/wp-content\/uploads\/2020\/01\/ACTUALITE-EXPO-MALEBRANCHE-06.jpg 1200w, https:\/\/j-damville-j.fr\/wp-content\/uploads\/2020\/01\/ACTUALITE-EXPO-MALEBRANCHE-06-300x200.jpg 300w, https:\/\/j-damville-j.fr\/wp-content\/uploads\/2020\/01\/ACTUALITE-EXPO-MALEBRANCHE-06-1024x683.jpg 1024w, https:\/\/j-damville-j.fr\/wp-content\/uploads\/2020\/01\/ACTUALITE-EXPO-MALEBRANCHE-06-768x512.jpg 768w\" sizes=\"(max-width: 1200px) 100vw, 1200px\" \/>\n\t<\/div>\n\n<\/div><div class=\"modula-item\" data-width=\"6\" data-height=\"4\" >\n\t<div class=\"modula-item-content\">\n\t\t\n\t\t\t\t\t<a data-image-id=\"983\" role=\"button\" data-elementor-open-lightbox=\"no\" tabindex=\"0\" rel=\"jtg-976\" data-caption=\"\" aria-label=\"Open image in lightbox\" class=\"tile-inner modula-item-link\"><\/a>\n\t\t\n\t\t<img loading=\"lazy\" decoding=\"async\" class=\"pic wp-image-983\"  data-valign=\"middle\" data-halign=\"center\" alt=\"\" data-full=\"https:\/\/j-damville-j.fr\/wp-content\/uploads\/2020\/01\/ACTUALITE-EXPO-MALEBRANCHE-03.jpg\" title=\"ACTUALITE EXPO MALEBRANCHE 03\" crop=\"\" width=\"1200\" height=\"800\" src=\"https:\/\/j-damville-j.fr\/wp-content\/uploads\/2020\/01\/ACTUALITE-EXPO-MALEBRANCHE-03.jpg\" data-src=\"https:\/\/j-damville-j.fr\/wp-content\/uploads\/2020\/01\/ACTUALITE-EXPO-MALEBRANCHE-03.jpg\" data-caption=\"\" srcset=\"https:\/\/j-damville-j.fr\/wp-content\/uploads\/2020\/01\/ACTUALITE-EXPO-MALEBRANCHE-03.jpg 1200w, https:\/\/j-damville-j.fr\/wp-content\/uploads\/2020\/01\/ACTUALITE-EXPO-MALEBRANCHE-03-300x200.jpg 300w, https:\/\/j-damville-j.fr\/wp-content\/uploads\/2020\/01\/ACTUALITE-EXPO-MALEBRANCHE-03-1024x683.jpg 1024w, https:\/\/j-damville-j.fr\/wp-content\/uploads\/2020\/01\/ACTUALITE-EXPO-MALEBRANCHE-03-768x512.jpg 768w\" sizes=\"(max-width: 1200px) 100vw, 1200px\" \/>\n\t<\/div>\n\n<\/div><div class=\"modula-item\" data-width=\"6\" data-height=\"5\" >\n\t<div class=\"modula-item-content\">\n\t\t\n\t\t\t\t\t<a data-image-id=\"985\" role=\"button\" data-elementor-open-lightbox=\"no\" tabindex=\"0\" rel=\"jtg-976\" data-caption=\"\" aria-label=\"Open image in lightbox\" class=\"tile-inner modula-item-link\"><\/a>\n\t\t\n\t\t<img loading=\"lazy\" decoding=\"async\" class=\"pic wp-image-985\"  data-valign=\"middle\" data-halign=\"center\" alt=\"\" data-full=\"https:\/\/j-damville-j.fr\/wp-content\/uploads\/2020\/01\/ACTUALITE-EXPO-MALEBRANCHE-05.jpg\" title=\"ACTUALITE EXPO MALEBRANCHE 05\" crop=\"\" width=\"1200\" height=\"800\" src=\"https:\/\/j-damville-j.fr\/wp-content\/uploads\/2020\/01\/ACTUALITE-EXPO-MALEBRANCHE-05.jpg\" data-src=\"https:\/\/j-damville-j.fr\/wp-content\/uploads\/2020\/01\/ACTUALITE-EXPO-MALEBRANCHE-05.jpg\" data-caption=\"\" srcset=\"https:\/\/j-damville-j.fr\/wp-content\/uploads\/2020\/01\/ACTUALITE-EXPO-MALEBRANCHE-05.jpg 1200w, https:\/\/j-damville-j.fr\/wp-content\/uploads\/2020\/01\/ACTUALITE-EXPO-MALEBRANCHE-05-300x200.jpg 300w, https:\/\/j-damville-j.fr\/wp-content\/uploads\/2020\/01\/ACTUALITE-EXPO-MALEBRANCHE-05-1024x683.jpg 1024w, https:\/\/j-damville-j.fr\/wp-content\/uploads\/2020\/01\/ACTUALITE-EXPO-MALEBRANCHE-05-768x512.jpg 768w\" sizes=\"(max-width: 1200px) 100vw, 1200px\" \/>\n\t<\/div>\n\n<\/div><div class=\"modula-item\" data-width=\"6\" data-height=\"5\" >\n\t<div class=\"modula-item-content\">\n\t\t\n\t\t\t\t\t<a data-image-id=\"979\" role=\"button\" data-elementor-open-lightbox=\"no\" tabindex=\"0\" rel=\"jtg-976\" data-caption=\"\" aria-label=\"Open image in lightbox\" class=\"tile-inner modula-item-link\"><\/a>\n\t\t\n\t\t<img loading=\"lazy\" decoding=\"async\" class=\"pic wp-image-979\"  data-valign=\"middle\" data-halign=\"center\" alt=\"\" data-full=\"https:\/\/j-damville-j.fr\/wp-content\/uploads\/2020\/01\/ACTUALITE-EXPO-MALEBRANCHE-08.jpg\" title=\"ACTUALITE EXPO MALEBRANCHE 08\" crop=\"\" width=\"1200\" height=\"800\" src=\"https:\/\/j-damville-j.fr\/wp-content\/uploads\/2020\/01\/ACTUALITE-EXPO-MALEBRANCHE-08.jpg\" data-src=\"https:\/\/j-damville-j.fr\/wp-content\/uploads\/2020\/01\/ACTUALITE-EXPO-MALEBRANCHE-08.jpg\" data-caption=\"\" srcset=\"https:\/\/j-damville-j.fr\/wp-content\/uploads\/2020\/01\/ACTUALITE-EXPO-MALEBRANCHE-08.jpg 1200w, https:\/\/j-damville-j.fr\/wp-content\/uploads\/2020\/01\/ACTUALITE-EXPO-MALEBRANCHE-08-300x200.jpg 300w, https:\/\/j-damville-j.fr\/wp-content\/uploads\/2020\/01\/ACTUALITE-EXPO-MALEBRANCHE-08-1024x683.jpg 1024w, https:\/\/j-damville-j.fr\/wp-content\/uploads\/2020\/01\/ACTUALITE-EXPO-MALEBRANCHE-08-768x512.jpg 768w\" sizes=\"(max-width: 1200px) 100vw, 1200px\" \/>\n\t<\/div>\n\n<\/div><div class=\"modula-item\" data-width=\"12\" data-height=\"8\" >\n\t<div class=\"modula-item-content\">\n\t\t\n\t\t\t\t\t<a data-image-id=\"980\" role=\"button\" data-elementor-open-lightbox=\"no\" tabindex=\"0\" rel=\"jtg-976\" data-caption=\"\" aria-label=\"Open image in lightbox\" class=\"tile-inner modula-item-link\"><\/a>\n\t\t\n\t\t<img loading=\"lazy\" decoding=\"async\" class=\"pic wp-image-980\"  data-valign=\"middle\" data-halign=\"center\" alt=\"\" data-full=\"https:\/\/j-damville-j.fr\/wp-content\/uploads\/2020\/01\/ACTUALITE-EXPO-MALEBRANCHE-09.jpg\" title=\"ACTUALITE EXPO MALEBRANCHE 09\" crop=\"\" width=\"1200\" height=\"800\" src=\"https:\/\/j-damville-j.fr\/wp-content\/uploads\/2020\/01\/ACTUALITE-EXPO-MALEBRANCHE-09.jpg\" data-src=\"https:\/\/j-damville-j.fr\/wp-content\/uploads\/2020\/01\/ACTUALITE-EXPO-MALEBRANCHE-09.jpg\" data-caption=\"\" srcset=\"https:\/\/j-damville-j.fr\/wp-content\/uploads\/2020\/01\/ACTUALITE-EXPO-MALEBRANCHE-09.jpg 1200w, https:\/\/j-damville-j.fr\/wp-content\/uploads\/2020\/01\/ACTUALITE-EXPO-MALEBRANCHE-09-300x200.jpg 300w, https:\/\/j-damville-j.fr\/wp-content\/uploads\/2020\/01\/ACTUALITE-EXPO-MALEBRANCHE-09-1024x683.jpg 1024w, https:\/\/j-damville-j.fr\/wp-content\/uploads\/2020\/01\/ACTUALITE-EXPO-MALEBRANCHE-09-768x512.jpg 768w\" sizes=\"(max-width: 1200px) 100vw, 1200px\" \/>\n\t<\/div>\n\n<\/div>\t\t\n\t<\/div>\n\n\t\n\t\n\t<script type=\"application\/ld+json\">\n\t{\n\t\t\"@context\": \"http:\/\/schema.org\",\n\t\t\"@type\"   : \"ImageGallery\",\n\t\t\"id\"      : \"https:\/\/j-damville-j.fr\/?portfolio=actualite-expo-malebranche\/\",\n\t\t\"url\"     : \"https:\/\/j-damville-j.fr\/?portfolio=actualite-expo-malebranche\/\"\n\t}\n\n\t<\/script>\n\n\t\n<\/div>\n\n<hr>\n<p><a class=\"fasc-button fasc-size-medium fasc-type-flat fasc-ico-before dashicons-redo fasc-style-bold\" style=\";color: #5c5b5b;\" href=\"https:\/\/j-damville-j.fr\/?page_id=966\">Actualite<\/a><\/p>\n<p><a class=\"fasc-button fasc-size-medium fasc-type-flat fasc-ico-before dashicons-redo\" style=\";color: #5c5b5b;\" href=\"https:\/\/j-damville-j.fr\/?page_id=30\">Oeuvres monumentales<\/a><a class=\"fasc-button fasc-size-medium fasc-type-flat fasc-ico-before dashicons-redo\" style=\";color: #5c5b5b;\" href=\"https:\/\/j-damville-j.fr\/?page_id=69\">Oeuvres Personnelles<\/a><a class=\"fasc-button fasc-size-medium fasc-type-flat fasc-ico-before dashicons-redo\" style=\";color: #5c5b5b;\" href=\"https:\/\/j-damville-j.fr\/?page_id=236\">Association<\/a><a class=\"fasc-button fasc-size-medium fasc-type-flat fasc-ico-before dashicons-redo\" style=\";color: #5c5b5b;\" href=\"https:\/\/j-damville-j.fr\/?page_id=113\">jardin<\/a><a class=\"fasc-button fasc-size-medium fasc-type-flat fasc-ico-before dashicons-location\" style=\";color: #5c5b5b;\" href=\"https:\/\/j-damville-j.fr\/?page_id=228\">Bio \/ Nous contacter<\/a><\/p>\n<hr>\n<p style=\"text-align: justify;\">Galerie Malebranche<\/p>\n<p style=\"text-align: justify;\">pr\u00e9sente<\/p>\n<p style=\"text-align: justify;\">&nbsp;<\/p>\n<p style=\"text-align: justify;\"><strong>Les sculptures de Jacques et Juliette Damville.<\/strong><\/p>\n<p style=\"text-align: justify;\">&nbsp;&nbsp;<\/p>\n<p style=\"text-align: justify;\">&nbsp;&nbsp;&nbsp;&nbsp;&nbsp; Je vous vois venir \u2013 emprunt fait aux premiers mots de Daniel Arasse dans le texte dr\u00f4le et instruit intitul\u00e9 \u00ab&nbsp;Le regard de l\u2019escargot&nbsp;*\u00bb\u2026 Et j\u2019entends venir d\u2019ici compliments et jugements qui ne m\u00e9nageront pas leurs effets.<\/p>\n<p style=\"text-align: justify;\">&nbsp;&nbsp;&nbsp;&nbsp; Or, les sculptures sont l\u00e0, d\u2019un joli tour de force, car il en faut, voyez-vous, des mains et du dos, des reins et des genoux, et des yeux qui tourbillonnent en d\u00e9nombrant les id\u00e9es tour \u00e0 tour un peu folles, inspir\u00e9es, joyeuses et m\u00e9lancoliques. On n\u2019a rien sans rien&nbsp;; et l\u00e0, pas question de rel\u00e2che&nbsp;! On irait plut\u00f4t baguenauder du c\u00f4t\u00e9 des esprits, espi\u00e8gles et f\u00e9e, petits fut\u00e9s et leurs amoureuses, au comble de leurs aventures, d\u00e9bordant des coques, conques, mascarons et piques de Dame Nature.<\/p>\n<p style=\"text-align: justify;\">&nbsp;&nbsp;&nbsp;&nbsp; Il y en a trop, diront les inquiets,&nbsp;et les sages feront le tour en qu\u00eate d\u2019un coin tranquille&nbsp;; les curieux iront s\u2019assurer au plus pr\u00e8s des d\u00e9tails en foule. Je veux les complimenter, tous, d\u2019\u00eatre rendus \u00e0 ce spettacolo del Arte : l\u2019argile, dress\u00e9e par les doigts gourmands pirouettant et toupillant dans cette farine de roche avant d\u2019endosser son costume &#8211; \u00e9maillures et gla\u00e7ures &#8211; cousu d\u2019or. La grande Dame (Nature) a trouv\u00e9 ses complices \u2013 i maestri \u2013 orchestrant et cuisinant, mijotant ou cuisant \u00e0 grand feu pour instruire sur leurs louanges \u00e0 n\u2019en plus finir.<\/p>\n<p style=\"text-align: justify;\">&nbsp;&nbsp;&nbsp;&nbsp;&nbsp;&nbsp; Et voil\u00e0 le travail&nbsp;!&nbsp;&nbsp;&nbsp;&nbsp;&nbsp;&nbsp;&nbsp;&nbsp;&nbsp;&nbsp;&nbsp;&nbsp;&nbsp;&nbsp;&nbsp;&nbsp;&nbsp;&nbsp;&nbsp;&nbsp;&nbsp;&nbsp;&nbsp;&nbsp;&nbsp;&nbsp;&nbsp;&nbsp;&nbsp;&nbsp;&nbsp;&nbsp;<\/p>\n<p style=\"text-align: justify;\">&nbsp;&nbsp;&nbsp;&nbsp;&nbsp;&nbsp;&nbsp;&nbsp;&nbsp;&nbsp;&nbsp;&nbsp;&nbsp;&nbsp;&nbsp;&nbsp;&nbsp;&nbsp;&nbsp;&nbsp;&nbsp;&nbsp;&nbsp;&nbsp;&nbsp;&nbsp;&nbsp;&nbsp;&nbsp;&nbsp;&nbsp; &nbsp;&nbsp;&nbsp;&nbsp;&nbsp;&nbsp;&nbsp;&nbsp;&nbsp;&nbsp;&nbsp;&nbsp;&nbsp;&nbsp;&nbsp;&nbsp;&nbsp;&nbsp;&nbsp;&nbsp;&nbsp;&nbsp;&nbsp;&nbsp;&nbsp;&nbsp;&nbsp;&nbsp;&nbsp;&nbsp;&nbsp;&nbsp;&nbsp;&nbsp;&nbsp;&nbsp;&nbsp;&nbsp;&nbsp;&nbsp;&nbsp;&nbsp;&nbsp;&nbsp;Les Galeristes.<\/p>\n<p>&nbsp;<\/p>\n<p style=\"text-align: justify;\">* On n\u2019y voit rien.&nbsp; Daniel Arasse, \u00e9dit\u00e9 chez Gallimard. Collection Folio<\/p>\n<p style=\"text-align: justify;\">&nbsp;<\/p>\n<p style=\"text-align: justify;\">Galerie Malebranche, 11 rue Malebranche, 75005 Paris.&nbsp;&nbsp;&nbsp;&nbsp;&nbsp;&nbsp;&nbsp;&nbsp;&nbsp;&nbsp;&nbsp;&nbsp;&nbsp;&nbsp;&nbsp;&nbsp;&nbsp;&nbsp;&nbsp;&nbsp;&nbsp;&nbsp;&nbsp;&nbsp;&nbsp;&nbsp;&nbsp;&nbsp;&nbsp;&nbsp;&nbsp; <a href=\"https:\/\/galerie-malebranche.com\">https:\/\/galerie-malebranche.com<\/a><\/p>\n\n<div style=\"height:400pxpx;\" class=\"wp-block-themeisle-blocks-leaflet-map\" id=\"wp-block-themeisle-blocks-map-eb0d217e\"><\/div>\n<script type=\"text\/javascript\">\n\t\/* <![CDATA[ *\/\n\t\tif ( ! window.themeisleLeafletMaps ) window.themeisleLeafletMaps =[];\n\t\twindow.themeisleLeafletMaps.push( { container: \"wp-block-themeisle-blocks-map-eb0d217e\", attributes: {\"id\":\"wp-block-themeisle-blocks-map-eb0d217e\",\"location\":\"11 rue Malebranche, 75005 Paris\",\"latitude\":\"48.8469823047543\",\"longitude\":\"2.342319488525391\",\"bbox\":\"2.324295043945313,48.8413337066754,2.360343933105469,48.852630265737005\",\"zoom\":15,\"markers\":[{\"latitude\":48.84648807785674,\"longitude\":2.3422336578369145,\"id\":\"fe6bac12-6989-4187-8e94-36b1bb88bbbf\",\"title\":\"Add a title\",\"description\":\"\"}],\"height\":\"400px\",\"zoomControl\":true,\"draggable\":true,\"hasCustomCSS\":false,\"customCSS\":\"\",\"otterConditions\":[]} } );\n\t\/* ]]> *\/\n<\/script>\n","protected":false},"excerpt":{"rendered":"<p>Exposition \u00e0 la Galerie Malebranche de Paris 07 &#8211; 30 novembre 2019 Actualite Oeuvres monumentalesOeuvres PersonnellesAssociationjardinBio \/ Nous contacter Galerie Malebranche pr\u00e9sente &nbsp; Les sculptures de Jacques et Juliette Damville. &nbsp;&nbsp; &nbsp;&nbsp;&nbsp;&nbsp;&nbsp; Je vous vois venir \u2013 emprunt fait aux premiers mots de Daniel Arasse dans le texte dr\u00f4le et instruit intitul\u00e9 \u00ab&nbsp;Le regard de l\u2019escargot&nbsp;*\u00bb\u2026 Et j\u2019entends venir d\u2019ici compliments et jugements qui ne m\u00e9nageront pas leurs effets. &nbsp;&nbsp;&nbsp;&nbsp; Or, les sculptures sont l\u00e0, d\u2019un joli tour de force, car il en faut, voyez-vous, des mains et du dos, des reins et des genoux, et des yeux qui tourbillonnent en d\u00e9nombrant les id\u00e9es tour \u00e0 tour un peu folles, inspir\u00e9es, joyeuses et m\u00e9lancoliques. On n\u2019a rien sans rien&nbsp;; et l\u00e0, pas question de rel\u00e2che&nbsp;! On irait plut\u00f4t baguenauder du c\u00f4t\u00e9 des esprits, espi\u00e8gles et f\u00e9e, petits fut\u00e9s et leurs amoureuses, au comble de leurs aventures, d\u00e9bordant des coques, conques, mascarons et piques de Dame Nature. &nbsp;&nbsp;&nbsp;&nbsp; Il y en a trop, diront les inquiets,&nbsp;et les sages feront le tour en qu\u00eate d\u2019un coin tranquille&nbsp;; les curieux iront s\u2019assurer au plus pr\u00e8s des d\u00e9tails en foule. Je veux les complimenter, tous, d\u2019\u00eatre rendus \u00e0 ce spettacolo del Arte : l\u2019argile, dress\u00e9e par les doigts gourmands pirouettant et toupillant dans cette farine de roche avant d\u2019endosser son costume &#8211; \u00e9maillures et gla\u00e7ures &#8211; cousu d\u2019or. La grande Dame (Nature) a trouv\u00e9 ses complices \u2013 i maestri \u2013 orchestrant et cuisinant, mijotant ou cuisant \u00e0 grand feu pour instruire sur leurs louanges \u00e0 n\u2019en plus finir. &nbsp;&nbsp;&nbsp;&nbsp;&nbsp;&nbsp; Et voil\u00e0 le travail&nbsp;!&nbsp;&nbsp;&nbsp;&nbsp;&nbsp;&nbsp;&nbsp;&nbsp;&nbsp;&nbsp;&nbsp;&nbsp;&nbsp;&nbsp;&nbsp;&nbsp;&nbsp;&nbsp;&nbsp;&nbsp;&nbsp;&nbsp;&nbsp;&nbsp;&nbsp;&nbsp;&nbsp;&nbsp;&nbsp;&nbsp;&nbsp;&nbsp; &nbsp;&nbsp;&nbsp;&nbsp;&nbsp;&nbsp;&nbsp;&nbsp;&nbsp;&nbsp;&nbsp;&nbsp;&nbsp;&nbsp;&nbsp;&nbsp;&nbsp;&nbsp;&nbsp;&nbsp;&nbsp;&nbsp;&nbsp;&nbsp;&nbsp;&nbsp;&nbsp;&nbsp;&nbsp;&nbsp;&nbsp; &nbsp;&nbsp;&nbsp;&nbsp;&nbsp;&nbsp;&nbsp;&nbsp;&nbsp;&nbsp;&nbsp;&nbsp;&nbsp;&nbsp;&nbsp;&nbsp;&nbsp;&nbsp;&nbsp;&nbsp;&nbsp;&nbsp;&nbsp;&nbsp;&nbsp;&nbsp;&nbsp;&nbsp;&nbsp;&nbsp;&nbsp;&nbsp;&nbsp;&nbsp;&nbsp;&nbsp;&nbsp;&nbsp;&nbsp;&nbsp;&nbsp;&nbsp;&nbsp;&nbsp;Les Galeristes. &nbsp; * On n\u2019y voit rien.&nbsp; Daniel Arasse, \u00e9dit\u00e9 chez Gallimard. Collection Folio &nbsp; Galerie Malebranche, 11 rue Malebranche, 75005 Paris.&nbsp;&nbsp;&nbsp;&nbsp;&nbsp;&nbsp;&nbsp;&nbsp;&nbsp;&nbsp;&nbsp;&nbsp;&nbsp;&nbsp;&nbsp;&nbsp;&nbsp;&nbsp;&nbsp;&nbsp;&nbsp;&nbsp;&nbsp;&nbsp;&nbsp;&nbsp;&nbsp;&nbsp;&nbsp;&nbsp;&nbsp; https:\/\/galerie-malebranche.com<\/p>\n","protected":false},"author":1,"featured_media":0,"menu_order":0,"comment_status":"closed","ping_status":"closed","template":"","meta":{"_uag_custom_page_level_css":"","_themeisle_gutenberg_block_has_review":false},"portfolio-type":[],"class_list":["post-972","portfolio","type-portfolio","status-publish","hentry"],"yoast_head":"<!-- This site is optimized with the Yoast SEO plugin v27.5 - https:\/\/yoast.com\/product\/yoast-seo-wordpress\/ -->\n<title>EXPO MALEBRANCHE - JULIETTE &amp; JACQUES DAMVILLE<\/title>\n<meta name=\"robots\" content=\"index, follow, max-snippet:-1, max-image-preview:large, max-video-preview:-1\" \/>\n<link rel=\"canonical\" href=\"https:\/\/j-damville-j.fr\/?portfolio=actualite-expo-malebranche\" \/>\n<meta property=\"og:locale\" content=\"fr_FR\" \/>\n<meta property=\"og:type\" content=\"article\" \/>\n<meta property=\"og:title\" content=\"EXPO MALEBRANCHE - JULIETTE &amp; JACQUES DAMVILLE\" \/>\n<meta property=\"og:description\" content=\"Exposition \u00e0 la Galerie Malebranche de Paris 07 &#8211; 30 novembre 2019 Actualite Oeuvres monumentalesOeuvres PersonnellesAssociationjardinBio \/ Nous contacter Galerie Malebranche pr\u00e9sente &nbsp; Les sculptures de Jacques et Juliette Damville. &nbsp;&nbsp; &nbsp;&nbsp;&nbsp;&nbsp;&nbsp; Je vous vois venir \u2013 emprunt fait aux premiers mots de Daniel Arasse dans le texte dr\u00f4le et instruit intitul\u00e9 \u00ab&nbsp;Le regard de l\u2019escargot&nbsp;*\u00bb\u2026 Et j\u2019entends venir d\u2019ici compliments et jugements qui ne m\u00e9nageront pas leurs effets. &nbsp;&nbsp;&nbsp;&nbsp; Or, les sculptures sont l\u00e0, d\u2019un joli tour de force, car il en faut, voyez-vous, des mains et du dos, des reins et des genoux, et des yeux qui tourbillonnent en d\u00e9nombrant les id\u00e9es tour \u00e0 tour un peu folles, inspir\u00e9es, joyeuses et m\u00e9lancoliques. On n\u2019a rien sans rien&nbsp;; et l\u00e0, pas question de rel\u00e2che&nbsp;! On irait plut\u00f4t baguenauder du c\u00f4t\u00e9 des esprits, espi\u00e8gles et f\u00e9e, petits fut\u00e9s et leurs amoureuses, au comble de leurs aventures, d\u00e9bordant des coques, conques, mascarons et piques de Dame Nature. &nbsp;&nbsp;&nbsp;&nbsp; Il y en a trop, diront les inquiets,&nbsp;et les sages feront le tour en qu\u00eate d\u2019un coin tranquille&nbsp;; les curieux iront s\u2019assurer au plus pr\u00e8s des d\u00e9tails en foule. Je veux les complimenter, tous, d\u2019\u00eatre rendus \u00e0 ce spettacolo del Arte : l\u2019argile, dress\u00e9e par les doigts gourmands pirouettant et toupillant dans cette farine de roche avant d\u2019endosser son costume &#8211; \u00e9maillures et gla\u00e7ures &#8211; cousu d\u2019or. La grande Dame (Nature) a trouv\u00e9 ses complices \u2013 i maestri \u2013 orchestrant et cuisinant, mijotant ou cuisant \u00e0 grand feu pour instruire sur leurs louanges \u00e0 n\u2019en plus finir. &nbsp;&nbsp;&nbsp;&nbsp;&nbsp;&nbsp; Et voil\u00e0 le travail&nbsp;!&nbsp;&nbsp;&nbsp;&nbsp;&nbsp;&nbsp;&nbsp;&nbsp;&nbsp;&nbsp;&nbsp;&nbsp;&nbsp;&nbsp;&nbsp;&nbsp;&nbsp;&nbsp;&nbsp;&nbsp;&nbsp;&nbsp;&nbsp;&nbsp;&nbsp;&nbsp;&nbsp;&nbsp;&nbsp;&nbsp;&nbsp;&nbsp; &nbsp;&nbsp;&nbsp;&nbsp;&nbsp;&nbsp;&nbsp;&nbsp;&nbsp;&nbsp;&nbsp;&nbsp;&nbsp;&nbsp;&nbsp;&nbsp;&nbsp;&nbsp;&nbsp;&nbsp;&nbsp;&nbsp;&nbsp;&nbsp;&nbsp;&nbsp;&nbsp;&nbsp;&nbsp;&nbsp;&nbsp; &nbsp;&nbsp;&nbsp;&nbsp;&nbsp;&nbsp;&nbsp;&nbsp;&nbsp;&nbsp;&nbsp;&nbsp;&nbsp;&nbsp;&nbsp;&nbsp;&nbsp;&nbsp;&nbsp;&nbsp;&nbsp;&nbsp;&nbsp;&nbsp;&nbsp;&nbsp;&nbsp;&nbsp;&nbsp;&nbsp;&nbsp;&nbsp;&nbsp;&nbsp;&nbsp;&nbsp;&nbsp;&nbsp;&nbsp;&nbsp;&nbsp;&nbsp;&nbsp;&nbsp;Les Galeristes. &nbsp; * On n\u2019y voit rien.&nbsp; Daniel Arasse, \u00e9dit\u00e9 chez Gallimard. Collection Folio &nbsp; Galerie Malebranche, 11 rue Malebranche, 75005 Paris.&nbsp;&nbsp;&nbsp;&nbsp;&nbsp;&nbsp;&nbsp;&nbsp;&nbsp;&nbsp;&nbsp;&nbsp;&nbsp;&nbsp;&nbsp;&nbsp;&nbsp;&nbsp;&nbsp;&nbsp;&nbsp;&nbsp;&nbsp;&nbsp;&nbsp;&nbsp;&nbsp;&nbsp;&nbsp;&nbsp;&nbsp; https:\/\/galerie-malebranche.com\" \/>\n<meta property=\"og:url\" content=\"https:\/\/j-damville-j.fr\/?portfolio=actualite-expo-malebranche\" \/>\n<meta property=\"og:site_name\" content=\"JULIETTE &amp; JACQUES DAMVILLE\" \/>\n<meta property=\"article:publisher\" content=\"https:\/\/www.facebook.com\/lejardindamville\/\" \/>\n<meta property=\"article:modified_time\" content=\"2021-06-02T09:35:26+00:00\" \/>\n<meta name=\"twitter:card\" content=\"summary_large_image\" \/>\n<meta name=\"twitter:label1\" content=\"Dur\u00e9e de lecture estim\u00e9e\" \/>\n\t<meta name=\"twitter:data1\" content=\"2 minutes\" \/>\n<script type=\"application\/ld+json\" class=\"yoast-schema-graph\">{\"@context\":\"https:\\\/\\\/schema.org\",\"@graph\":[{\"@type\":\"WebPage\",\"@id\":\"https:\\\/\\\/j-damville-j.fr\\\/?portfolio=actualite-expo-malebranche\",\"url\":\"https:\\\/\\\/j-damville-j.fr\\\/?portfolio=actualite-expo-malebranche\",\"name\":\"EXPO MALEBRANCHE - JULIETTE &amp; JACQUES DAMVILLE\",\"isPartOf\":{\"@id\":\"https:\\\/\\\/j-damville-j.fr\\\/#website\"},\"datePublished\":\"2020-01-01T15:44:18+00:00\",\"dateModified\":\"2021-06-02T09:35:26+00:00\",\"inLanguage\":\"fr-FR\",\"potentialAction\":[{\"@type\":\"ReadAction\",\"target\":[\"https:\\\/\\\/j-damville-j.fr\\\/?portfolio=actualite-expo-malebranche\"]}]},{\"@type\":\"WebSite\",\"@id\":\"https:\\\/\\\/j-damville-j.fr\\\/#website\",\"url\":\"https:\\\/\\\/j-damville-j.fr\\\/\",\"name\":\"JULIETTE &amp; JACQUES DAMVILLE\",\"description\":\"JULIETTE &amp; JACQUES DAMVILLE Artistes plasticiens\",\"potentialAction\":[{\"@type\":\"SearchAction\",\"target\":{\"@type\":\"EntryPoint\",\"urlTemplate\":\"https:\\\/\\\/j-damville-j.fr\\\/?s={search_term_string}\"},\"query-input\":{\"@type\":\"PropertyValueSpecification\",\"valueRequired\":true,\"valueName\":\"search_term_string\"}}],\"inLanguage\":\"fr-FR\"}]}<\/script>\n<!-- \/ Yoast SEO plugin. -->","yoast_head_json":{"title":"EXPO MALEBRANCHE - JULIETTE &amp; JACQUES DAMVILLE","robots":{"index":"index","follow":"follow","max-snippet":"max-snippet:-1","max-image-preview":"max-image-preview:large","max-video-preview":"max-video-preview:-1"},"canonical":"https:\/\/j-damville-j.fr\/?portfolio=actualite-expo-malebranche","og_locale":"fr_FR","og_type":"article","og_title":"EXPO MALEBRANCHE - JULIETTE &amp; JACQUES DAMVILLE","og_description":"Exposition \u00e0 la Galerie Malebranche de Paris 07 &#8211; 30 novembre 2019 Actualite Oeuvres monumentalesOeuvres PersonnellesAssociationjardinBio \/ Nous contacter Galerie Malebranche pr\u00e9sente &nbsp; Les sculptures de Jacques et Juliette Damville. &nbsp;&nbsp; &nbsp;&nbsp;&nbsp;&nbsp;&nbsp; Je vous vois venir \u2013 emprunt fait aux premiers mots de Daniel Arasse dans le texte dr\u00f4le et instruit intitul\u00e9 \u00ab&nbsp;Le regard de l\u2019escargot&nbsp;*\u00bb\u2026 Et j\u2019entends venir d\u2019ici compliments et jugements qui ne m\u00e9nageront pas leurs effets. &nbsp;&nbsp;&nbsp;&nbsp; Or, les sculptures sont l\u00e0, d\u2019un joli tour de force, car il en faut, voyez-vous, des mains et du dos, des reins et des genoux, et des yeux qui tourbillonnent en d\u00e9nombrant les id\u00e9es tour \u00e0 tour un peu folles, inspir\u00e9es, joyeuses et m\u00e9lancoliques. On n\u2019a rien sans rien&nbsp;; et l\u00e0, pas question de rel\u00e2che&nbsp;! On irait plut\u00f4t baguenauder du c\u00f4t\u00e9 des esprits, espi\u00e8gles et f\u00e9e, petits fut\u00e9s et leurs amoureuses, au comble de leurs aventures, d\u00e9bordant des coques, conques, mascarons et piques de Dame Nature. &nbsp;&nbsp;&nbsp;&nbsp; Il y en a trop, diront les inquiets,&nbsp;et les sages feront le tour en qu\u00eate d\u2019un coin tranquille&nbsp;; les curieux iront s\u2019assurer au plus pr\u00e8s des d\u00e9tails en foule. Je veux les complimenter, tous, d\u2019\u00eatre rendus \u00e0 ce spettacolo del Arte : l\u2019argile, dress\u00e9e par les doigts gourmands pirouettant et toupillant dans cette farine de roche avant d\u2019endosser son costume &#8211; \u00e9maillures et gla\u00e7ures &#8211; cousu d\u2019or. La grande Dame (Nature) a trouv\u00e9 ses complices \u2013 i maestri \u2013 orchestrant et cuisinant, mijotant ou cuisant \u00e0 grand feu pour instruire sur leurs louanges \u00e0 n\u2019en plus finir. &nbsp;&nbsp;&nbsp;&nbsp;&nbsp;&nbsp; Et voil\u00e0 le travail&nbsp;!&nbsp;&nbsp;&nbsp;&nbsp;&nbsp;&nbsp;&nbsp;&nbsp;&nbsp;&nbsp;&nbsp;&nbsp;&nbsp;&nbsp;&nbsp;&nbsp;&nbsp;&nbsp;&nbsp;&nbsp;&nbsp;&nbsp;&nbsp;&nbsp;&nbsp;&nbsp;&nbsp;&nbsp;&nbsp;&nbsp;&nbsp;&nbsp; &nbsp;&nbsp;&nbsp;&nbsp;&nbsp;&nbsp;&nbsp;&nbsp;&nbsp;&nbsp;&nbsp;&nbsp;&nbsp;&nbsp;&nbsp;&nbsp;&nbsp;&nbsp;&nbsp;&nbsp;&nbsp;&nbsp;&nbsp;&nbsp;&nbsp;&nbsp;&nbsp;&nbsp;&nbsp;&nbsp;&nbsp; &nbsp;&nbsp;&nbsp;&nbsp;&nbsp;&nbsp;&nbsp;&nbsp;&nbsp;&nbsp;&nbsp;&nbsp;&nbsp;&nbsp;&nbsp;&nbsp;&nbsp;&nbsp;&nbsp;&nbsp;&nbsp;&nbsp;&nbsp;&nbsp;&nbsp;&nbsp;&nbsp;&nbsp;&nbsp;&nbsp;&nbsp;&nbsp;&nbsp;&nbsp;&nbsp;&nbsp;&nbsp;&nbsp;&nbsp;&nbsp;&nbsp;&nbsp;&nbsp;&nbsp;Les Galeristes. &nbsp; * On n\u2019y voit rien.&nbsp; Daniel Arasse, \u00e9dit\u00e9 chez Gallimard. Collection Folio &nbsp; Galerie Malebranche, 11 rue Malebranche, 75005 Paris.&nbsp;&nbsp;&nbsp;&nbsp;&nbsp;&nbsp;&nbsp;&nbsp;&nbsp;&nbsp;&nbsp;&nbsp;&nbsp;&nbsp;&nbsp;&nbsp;&nbsp;&nbsp;&nbsp;&nbsp;&nbsp;&nbsp;&nbsp;&nbsp;&nbsp;&nbsp;&nbsp;&nbsp;&nbsp;&nbsp;&nbsp; https:\/\/galerie-malebranche.com","og_url":"https:\/\/j-damville-j.fr\/?portfolio=actualite-expo-malebranche","og_site_name":"JULIETTE &amp; JACQUES DAMVILLE","article_publisher":"https:\/\/www.facebook.com\/lejardindamville\/","article_modified_time":"2021-06-02T09:35:26+00:00","twitter_card":"summary_large_image","twitter_misc":{"Dur\u00e9e de lecture estim\u00e9e":"2 minutes"},"schema":{"@context":"https:\/\/schema.org","@graph":[{"@type":"WebPage","@id":"https:\/\/j-damville-j.fr\/?portfolio=actualite-expo-malebranche","url":"https:\/\/j-damville-j.fr\/?portfolio=actualite-expo-malebranche","name":"EXPO MALEBRANCHE - JULIETTE &amp; JACQUES DAMVILLE","isPartOf":{"@id":"https:\/\/j-damville-j.fr\/#website"},"datePublished":"2020-01-01T15:44:18+00:00","dateModified":"2021-06-02T09:35:26+00:00","inLanguage":"fr-FR","potentialAction":[{"@type":"ReadAction","target":["https:\/\/j-damville-j.fr\/?portfolio=actualite-expo-malebranche"]}]},{"@type":"WebSite","@id":"https:\/\/j-damville-j.fr\/#website","url":"https:\/\/j-damville-j.fr\/","name":"JULIETTE &amp; JACQUES DAMVILLE","description":"JULIETTE &amp; JACQUES DAMVILLE Artistes plasticiens","potentialAction":[{"@type":"SearchAction","target":{"@type":"EntryPoint","urlTemplate":"https:\/\/j-damville-j.fr\/?s={search_term_string}"},"query-input":{"@type":"PropertyValueSpecification","valueRequired":true,"valueName":"search_term_string"}}],"inLanguage":"fr-FR"}]}},"uagb_featured_image_src":{"full":false,"thumbnail":false,"medium":false,"medium_large":false,"large":false,"wysija-newsletters-max":false,"1536x1536":false,"2048x2048":false,"ashe-slider-full-thumbnail":false,"ashe-full-thumbnail":false,"ashe-list-thumbnail":false,"ashe-grid-thumbnail":false,"ashe-single-navigation":false},"uagb_author_info":{"display_name":"admin8979","author_link":"https:\/\/j-damville-j.fr\/?author=1"},"uagb_comment_info":0,"uagb_excerpt":"Exposition \u00e0 la Galerie Malebranche de Paris 07 &#8211; 30 novembre 2019 Actualite Oeuvres monumentalesOeuvres PersonnellesAssociationjardinBio \/ Nous contacter Galerie Malebranche pr\u00e9sente &nbsp; Les sculptures de Jacques et Juliette Damville. &nbsp;&nbsp; &nbsp;&nbsp;&nbsp;&nbsp;&nbsp; Je vous vois venir \u2013 emprunt fait aux premiers mots de Daniel Arasse dans le texte dr\u00f4le et instruit intitul\u00e9 \u00ab&nbsp;Le regard de\u2026","jetpack_sharing_enabled":true,"_links":{"self":[{"href":"https:\/\/j-damville-j.fr\/index.php?rest_route=\/wp\/v2\/portfolio\/972","targetHints":{"allow":["GET"]}}],"collection":[{"href":"https:\/\/j-damville-j.fr\/index.php?rest_route=\/wp\/v2\/portfolio"}],"about":[{"href":"https:\/\/j-damville-j.fr\/index.php?rest_route=\/wp\/v2\/types\/portfolio"}],"author":[{"embeddable":true,"href":"https:\/\/j-damville-j.fr\/index.php?rest_route=\/wp\/v2\/users\/1"}],"replies":[{"embeddable":true,"href":"https:\/\/j-damville-j.fr\/index.php?rest_route=%2Fwp%2Fv2%2Fcomments&post=972"}],"wp:attachment":[{"href":"https:\/\/j-damville-j.fr\/index.php?rest_route=%2Fwp%2Fv2%2Fmedia&parent=972"}],"wp:term":[{"taxonomy":"portfolio-type","embeddable":true,"href":"https:\/\/j-damville-j.fr\/index.php?rest_route=%2Fwp%2Fv2%2Fportfolio-type&post=972"}],"curies":[{"name":"wp","href":"https:\/\/api.w.org\/{rel}","templated":true}]}}